{"id":72,"date":"2021-01-17T16:05:10","date_gmt":"2021-01-17T15:05:10","guid":{"rendered":"https:\/\/kinderartikelboerse-pratteln.ch\/?page_id=72"},"modified":"2026-04-17T11:02:55","modified_gmt":"2026-04-17T09:02:55","slug":"spenden","status":"publish","type":"page","link":"https:\/\/www.kinderartikelboerse-pratteln.ch\/?page_id=72","title":{"rendered":"Spenden"},"content":{"rendered":"\n<p style=\"font-size:19px\"><strong><mark style=\"background-color:rgba(0, 0, 0, 0);color:#63a300\" class=\"has-inline-color\"><\/mark><\/strong><\/p>\n\n\n\n<p style=\"font-size:19px\">Einen Teil des Geldes, welches wir eingenommen haben, werden f\u00fcr Spenden in und um Pratteln verwendet. Wenn m\u00f6glich, sollte die Spende Kindern zu gute kommen. Gerne darf man sich bei uns mit Spendenanliegen melden und wir pr\u00fcfen die Idee.  <\/p>\n\n\n\n<p style=\"font-size:19px\">Einzige Bedingug dass wir von den Empf\u00e4ngern nach der Spende ein Dankesschreiben m\u00f6chten und ein paar Fotos dazu. So k\u00f6nnen wir dies auf unsere Homepage ver\u00f6ffentlichen und alle informieren.<\/p>\n\n\n\n<p class=\"has-pale-ocean-gradient-background has-background\" style=\"font-size:19px\">Kleider-und Spielsachen-Spenden k\u00f6nnen jeweils nach der B\u00f6rse abgegeben werden. Ein Teil der Spenden ging an &#8222;z R\u00e4cht Cho &#8222;.<\/p>\n\n\n\n<hr class=\"wp-block-separator has-alpha-channel-opacity has-electric-grass-gradient-background has-background is-style-wide\"\/>\n\n\n\n<p class=\"has-blush-light-purple-gradient-background has-background\">Eine grosse Kleider und Spielsachen Spende ging an Amel<\/p>\n\n\n\n<div class=\"wp-block-media-text is-stacked-on-mobile\"><figure class=\"wp-block-media-text__media\"><img loading=\"lazy\" decoding=\"async\" width=\"160\" height=\"120\" src=\"https:\/\/www.kinderartikelboerse-pratteln.ch\/wp-content\/uploads\/2025\/10\/images.jpg\" alt=\"\" class=\"wp-image-3055 size-full\"\/><\/figure><div class=\"wp-block-media-text__content\">\n<p class=\"has-background\" style=\"background:linear-gradient(135deg,rgb(255,203,112) 0%,rgb(199,81,192) 83%,rgb(65,88,208) 100%)\">Wir haben dieses Mal das Yseb\u00e4hnli am Rhy mit einer Geldspende unterst\u00fctzges.<\/p>\n<\/div><\/div>\n\n\n\n<div class=\"wp-block-media-text is-stacked-on-mobile\"><figure class=\"wp-block-media-text__media\"><img loading=\"lazy\" decoding=\"async\" width=\"1024\" height=\"427\" src=\"https:\/\/www.kinderartikelboerse-pratteln.ch\/wp-content\/uploads\/2026\/01\/Logo_b-r_2017_mit-Rahmen-1411x588-1-1024x427.jpeg\" alt=\"\" class=\"wp-image-3147 size-full\" srcset=\"https:\/\/www.kinderartikelboerse-pratteln.ch\/wp-content\/uploads\/2026\/01\/Logo_b-r_2017_mit-Rahmen-1411x588-1-1024x427.jpeg 1024w, https:\/\/www.kinderartikelboerse-pratteln.ch\/wp-content\/uploads\/2026\/01\/Logo_b-r_2017_mit-Rahmen-1411x588-1-300x125.jpeg 300w, https:\/\/www.kinderartikelboerse-pratteln.ch\/wp-content\/uploads\/2026\/01\/Logo_b-r_2017_mit-Rahmen-1411x588-1-768x320.jpeg 768w, https:\/\/www.kinderartikelboerse-pratteln.ch\/wp-content\/uploads\/2026\/01\/Logo_b-r_2017_mit-Rahmen-1411x588-1-1200x500.jpeg 1200w, https:\/\/www.kinderartikelboerse-pratteln.ch\/wp-content\/uploads\/2026\/01\/Logo_b-r_2017_mit-Rahmen-1411x588-1.jpeg 1411w\" sizes=\"auto, (max-width: 1024px) 100vw, 1024px\" \/><\/figure><div class=\"wp-block-media-text__content\">\n<p class=\"has-background\" style=\"background:linear-gradient(135deg,rgb(2,3,129) 0%,rgb(40,116,252) 5%)\">Eine Geldspende wurde an die Krebskranke Kinder Basel gespendet<\/p>\n<\/div><\/div>\n\n\n\n<p class=\"has-background-color has-text-color has-background has-link-color wp-elements-6686cec912d62d7344bafa5bb8347073\" style=\"background:linear-gradient(135deg,rgb(2,3,129) 0%,rgb(40,116,252) 9%)\"><\/p>\n\n\n\n<hr class=\"wp-block-separator has-text-color has-css-opacity has-background is-style-wide\" style=\"background-color:#63a300;color:#63a300\"\/>\n\n\n\n<p class=\"has-text-align-center has-subtle-background-background-color has-background has-small-font-size\"><strong><mark style=\"background-color:rgba(0, 0, 0, 0)\" class=\"has-inline-color has-primary-color\"><strong><mark style=\"background-color:rgba(0, 0, 0, 0)\" class=\"has-inline-color has-primary-color\"><em><em><em><em><em><strong><strong><mark style=\"background-color:rgba(0, 0, 0, 0)\" class=\"has-inline-color has-primary-color\"><mark style=\"background-color:rgba(0, 0, 0, 0)\" class=\"has-inline-color has-primary-color\"><mark style=\"background-color:rgba(0, 0, 0, 0)\" class=\"has-inline-color has-primary-color\"><strong><strong><mark style=\"background-color:rgba(0, 0, 0, 0)\" class=\"has-inline-color has-primary-color\"><mark style=\"background-color:rgba(0, 0, 0, 0)\" class=\"has-inline-color has-primary-color\"><mark style=\"background-color:rgba(0, 0, 0, 0)\" class=\"has-inline-color has-primary-color\"><strong><mark style=\"background-color:rgba(0, 0, 0, 0)\" class=\"has-inline-color has-secondary-color\"><strong><strong><mark style=\"background-color:rgba(0, 0, 0, 0)\" class=\"has-inline-color has-secondary-color\"><strong><mark style=\"background-color:rgba(0, 0, 0, 0)\" class=\"has-inline-color has-secondary-color\"><strong><mark style=\"background-color:rgba(0, 0, 0, 0)\" class=\"has-inline-color has-secondary-color\"><mark style=\"background-color:rgba(0, 0, 0, 0)\" class=\"has-inline-color has-secondary-color\">Herbst <mark style=\"background-color:rgba(0, 0, 0, 0)\" class=\"has-inline-color has-secondary-color\">2026<\/mark>: Freitag 11. &amp; Samstag 12. Sept.<\/mark><\/mark><\/strong><\/mark><\/strong><\/mark><\/strong><\/strong><\/mark><\/strong><\/mark><\/mark><\/mark><\/strong><\/strong><\/mark><\/mark><em><em><em><em><em><em><mark style=\"background-color:rgba(0, 0, 0, 0)\" class=\"has-inline-color has-primary-color\"> <\/mark><\/em><\/em><\/em><\/em><\/em><\/em><\/mark><\/strong><\/strong><\/em><\/em><\/em><\/em><\/em><\/mark><\/strong><em><em><em><em><em><em><em><em><strong><em><em><mark style=\"background-color:rgba(0, 0, 0, 0)\" class=\"has-inline-color has-secondary-color\">  <\/mark><\/em><\/em><\/strong><\/em><\/em><\/em><\/em><\/em><\/em><\/em><\/em><\/mark><\/strong><\/p>\n\n\n\n<p class=\"has-text-align-left has-subtle-background-background-color has-background has-small-font-size\"><em><em><mark style=\"background-color:rgba(0, 0, 0, 0)\" class=\"has-inline-color has-secondary-color\"><em><em><mark style=\"background-color:rgba(0, 0, 0, 0)\" class=\"has-inline-color has-secondary-color\"><mark style=\"background-color:rgba(0, 0, 0, 0)\" class=\"has-inline-color has-secondary-color\"><mark style=\"background-color:rgba(0, 0, 0, 0)\" class=\"has-inline-color has-secondary-color\"><em><em>Fr\u00fchling <em><em><mark style=\"background-color:rgba(0, 0, 0, 0)\" class=\"has-inline-color has-secondary-color\"><em><em><mark style=\"background-color:rgba(0, 0, 0, 0)\" class=\"has-inline-color has-secondary-color\">202<\/mark><\/em><\/em>7:<\/mark><\/em><\/em><\/em><\/em> <em><em><em><em>Dienstag 6. &amp; Mittwoch 7. April<\/em><\/em><\/em><\/em><\/mark><\/mark><\/mark><\/em><\/em><\/mark><\/em><\/em><\/p>\n\n\n\n<p class=\"has-text-align-left has-subtle-background-background-color has-background has-small-font-size\"><mark style=\"background-color:rgba(0, 0, 0, 0)\" class=\"has-inline-color has-secondary-color\"><mark style=\"background-color:rgba(0, 0, 0, 0)\" class=\"has-inline-color has-secondary-color\"><mark style=\"background-color:rgba(0, 0, 0, 0)\" class=\"has-inline-color has-secondary-color\"><em><em>Herbst <em><em><mark style=\"background-color:rgba(0, 0, 0, 0)\" class=\"has-inline-color has-secondary-color\"><em><em><mark style=\"background-color:rgba(0, 0, 0, 0)\" class=\"has-inline-color has-secondary-color\">202<\/mark><\/em><\/em>7:<\/mark><\/em><\/em><\/em><\/em> <em><em><em><em>Freitag 17. &amp; Samstag 18. September<\/em><\/em><\/em><\/em><\/mark><\/mark><\/mark><\/p>\n\n\n\n<p class=\"has-subtle-background-background-color has-background has-small-font-size\"><\/p>\n","protected":false},"excerpt":{"rendered":"<p>Einen Teil des Geldes, welches wir eingenommen haben, werden f\u00fcr Spenden in und um Pratteln verwendet. Wenn m\u00f6glich, sollte die Spende Kindern zu gute kommen. Gerne darf man sich bei uns mit Spendenanliegen melden und wir pr\u00fcfen die Idee. Einzige Bedingug dass wir von den Empf\u00e4ngern nach der Spende ein Dankesschreiben m\u00f6chten und ein paar [&hellip;]<\/p>\n","protected":false},"author":1,"featured_media":86,"parent":0,"menu_order":0,"comment_status":"closed","ping_status":"closed","template":"templates\/template-cover.php","meta":{"footnotes":""},"class_list":["post-72","page","type-page","status-publish","has-post-thumbnail","hentry"],"yoast_head":"<!-- This site is optimized with the Yoast SEO plugin v27.4 - https:\/\/yoast.com\/product\/yoast-seo-wordpress\/ -->\n<title>Spenden - Kinderartikelb\u00f6rse Pratteln<\/title>\n<meta name=\"robots\" content=\"index, follow, max-snippet:-1, max-image-preview:large, max-video-preview:-1\" \/>\n<link rel=\"canonical\" href=\"https:\/\/www.kinderartikelboerse-pratteln.ch\/?page_id=72\" \/>\n<meta property=\"og:locale\" content=\"de_DE\" \/>\n<meta property=\"og:type\" content=\"article\" \/>\n<meta property=\"og:title\" content=\"Spenden - Kinderartikelb\u00f6rse Pratteln\" \/>\n<meta property=\"og:description\" content=\"Einen Teil des Geldes, welches wir eingenommen haben, werden f\u00fcr Spenden in und um Pratteln verwendet. Wenn m\u00f6glich, sollte die Spende Kindern zu gute kommen. Gerne darf man sich bei uns mit Spendenanliegen melden und wir pr\u00fcfen die Idee. Einzige Bedingug dass wir von den Empf\u00e4ngern nach der Spende ein Dankesschreiben m\u00f6chten und ein paar [&hellip;]\" \/>\n<meta property=\"og:url\" content=\"https:\/\/www.kinderartikelboerse-pratteln.ch\/?page_id=72\" \/>\n<meta property=\"og:site_name\" content=\"Kinderartikelb\u00f6rse Pratteln\" \/>\n<meta property=\"article:publisher\" content=\"https:\/\/fb.me\/e\/1zwpyha9V\" \/>\n<meta property=\"article:modified_time\" content=\"2026-04-17T09:02:55+00:00\" \/>\n<meta property=\"og:image\" content=\"https:\/\/www.kinderartikelboerse-pratteln.ch\/wp-content\/uploads\/2021\/01\/IMG_20201016_152339-scaled.jpg\" \/>\n\t<meta property=\"og:image:width\" content=\"2560\" \/>\n\t<meta property=\"og:image:height\" content=\"1920\" \/>\n\t<meta property=\"og:image:type\" content=\"image\/jpeg\" \/>\n<meta name=\"twitter:card\" content=\"summary_large_image\" \/>\n<meta name=\"twitter:label1\" content=\"Gesch\u00e4tzte Lesezeit\" \/>\n\t<meta name=\"twitter:data1\" content=\"1 Minute\" \/>\n<script type=\"application\/ld+json\" class=\"yoast-schema-graph\">{\"@context\":\"https:\\\/\\\/schema.org\",\"@graph\":[{\"@type\":\"WebPage\",\"@id\":\"https:\\\/\\\/www.kinderartikelboerse-pratteln.ch\\\/?page_id=72\",\"url\":\"https:\\\/\\\/www.kinderartikelboerse-pratteln.ch\\\/?page_id=72\",\"name\":\"Spenden - Kinderartikelb\u00f6rse Pratteln\",\"isPartOf\":{\"@id\":\"https:\\\/\\\/www.kinderartikelboerse-pratteln.ch\\\/#website\"},\"primaryImageOfPage\":{\"@id\":\"https:\\\/\\\/www.kinderartikelboerse-pratteln.ch\\\/?page_id=72#primaryimage\"},\"image\":{\"@id\":\"https:\\\/\\\/www.kinderartikelboerse-pratteln.ch\\\/?page_id=72#primaryimage\"},\"thumbnailUrl\":\"https:\\\/\\\/www.kinderartikelboerse-pratteln.ch\\\/wp-content\\\/uploads\\\/2021\\\/01\\\/IMG_20201016_152339-scaled.jpg\",\"datePublished\":\"2021-01-17T15:05:10+00:00\",\"dateModified\":\"2026-04-17T09:02:55+00:00\",\"breadcrumb\":{\"@id\":\"https:\\\/\\\/www.kinderartikelboerse-pratteln.ch\\\/?page_id=72#breadcrumb\"},\"inLanguage\":\"de-CH\",\"potentialAction\":[{\"@type\":\"ReadAction\",\"target\":[\"https:\\\/\\\/www.kinderartikelboerse-pratteln.ch\\\/?page_id=72\"]}]},{\"@type\":\"ImageObject\",\"inLanguage\":\"de-CH\",\"@id\":\"https:\\\/\\\/www.kinderartikelboerse-pratteln.ch\\\/?page_id=72#primaryimage\",\"url\":\"https:\\\/\\\/www.kinderartikelboerse-pratteln.ch\\\/wp-content\\\/uploads\\\/2021\\\/01\\\/IMG_20201016_152339-scaled.jpg\",\"contentUrl\":\"https:\\\/\\\/www.kinderartikelboerse-pratteln.ch\\\/wp-content\\\/uploads\\\/2021\\\/01\\\/IMG_20201016_152339-scaled.jpg\",\"width\":2560,\"height\":1920},{\"@type\":\"BreadcrumbList\",\"@id\":\"https:\\\/\\\/www.kinderartikelboerse-pratteln.ch\\\/?page_id=72#breadcrumb\",\"itemListElement\":[{\"@type\":\"ListItem\",\"position\":1,\"name\":\"Startseite\",\"item\":\"https:\\\/\\\/www.kinderartikelboerse-pratteln.ch\\\/\"},{\"@type\":\"ListItem\",\"position\":2,\"name\":\"Spenden\"}]},{\"@type\":\"WebSite\",\"@id\":\"https:\\\/\\\/www.kinderartikelboerse-pratteln.ch\\\/#website\",\"url\":\"https:\\\/\\\/www.kinderartikelboerse-pratteln.ch\\\/\",\"name\":\"Kinderartikelb\u00f6rse Pratteln\",\"description\":\"\",\"publisher\":{\"@id\":\"https:\\\/\\\/www.kinderartikelboerse-pratteln.ch\\\/#organization\"},\"potentialAction\":[{\"@type\":\"SearchAction\",\"target\":{\"@type\":\"EntryPoint\",\"urlTemplate\":\"https:\\\/\\\/www.kinderartikelboerse-pratteln.ch\\\/?s={search_term_string}\"},\"query-input\":{\"@type\":\"PropertyValueSpecification\",\"valueRequired\":true,\"valueName\":\"search_term_string\"}}],\"inLanguage\":\"de-CH\"},{\"@type\":\"Organization\",\"@id\":\"https:\\\/\\\/www.kinderartikelboerse-pratteln.ch\\\/#organization\",\"name\":\"Kinderartikelb\u00f6rse Pratteln\",\"url\":\"https:\\\/\\\/www.kinderartikelboerse-pratteln.ch\\\/\",\"logo\":{\"@type\":\"ImageObject\",\"inLanguage\":\"de-CH\",\"@id\":\"https:\\\/\\\/www.kinderartikelboerse-pratteln.ch\\\/#\\\/schema\\\/logo\\\/image\\\/\",\"url\":\"https:\\\/\\\/www.kinderartikelboerse-pratteln.ch\\\/wp-content\\\/uploads\\\/2021\\\/02\\\/cropped-Logo_Hintergrund_transparent.jpg\",\"contentUrl\":\"https:\\\/\\\/www.kinderartikelboerse-pratteln.ch\\\/wp-content\\\/uploads\\\/2021\\\/02\\\/cropped-Logo_Hintergrund_transparent.jpg\",\"width\":400,\"height\":398,\"caption\":\"Kinderartikelb\u00f6rse Pratteln\"},\"image\":{\"@id\":\"https:\\\/\\\/www.kinderartikelboerse-pratteln.ch\\\/#\\\/schema\\\/logo\\\/image\\\/\"},\"sameAs\":[\"https:\\\/\\\/fb.me\\\/e\\\/1zwpyha9V\",\"https:\\\/\\\/www.instagram.com\\\/kinderartikelboerse_pratteln\\\/\"]}]}<\/script>\n<!-- \/ Yoast SEO plugin. -->","yoast_head_json":{"title":"Spenden - Kinderartikelb\u00f6rse Pratteln","robots":{"index":"index","follow":"follow","max-snippet":"max-snippet:-1","max-image-preview":"max-image-preview:large","max-video-preview":"max-video-preview:-1"},"canonical":"https:\/\/www.kinderartikelboerse-pratteln.ch\/?page_id=72","og_locale":"de_DE","og_type":"article","og_title":"Spenden - Kinderartikelb\u00f6rse Pratteln","og_description":"Einen Teil des Geldes, welches wir eingenommen haben, werden f\u00fcr Spenden in und um Pratteln verwendet. Wenn m\u00f6glich, sollte die Spende Kindern zu gute kommen. Gerne darf man sich bei uns mit Spendenanliegen melden und wir pr\u00fcfen die Idee. Einzige Bedingug dass wir von den Empf\u00e4ngern nach der Spende ein Dankesschreiben m\u00f6chten und ein paar [&hellip;]","og_url":"https:\/\/www.kinderartikelboerse-pratteln.ch\/?page_id=72","og_site_name":"Kinderartikelb\u00f6rse Pratteln","article_publisher":"https:\/\/fb.me\/e\/1zwpyha9V","article_modified_time":"2026-04-17T09:02:55+00:00","og_image":[{"width":2560,"height":1920,"url":"https:\/\/www.kinderartikelboerse-pratteln.ch\/wp-content\/uploads\/2021\/01\/IMG_20201016_152339-scaled.jpg","type":"image\/jpeg"}],"twitter_card":"summary_large_image","twitter_misc":{"Gesch\u00e4tzte Lesezeit":"1 Minute"},"schema":{"@context":"https:\/\/schema.org","@graph":[{"@type":"WebPage","@id":"https:\/\/www.kinderartikelboerse-pratteln.ch\/?page_id=72","url":"https:\/\/www.kinderartikelboerse-pratteln.ch\/?page_id=72","name":"Spenden - Kinderartikelb\u00f6rse Pratteln","isPartOf":{"@id":"https:\/\/www.kinderartikelboerse-pratteln.ch\/#website"},"primaryImageOfPage":{"@id":"https:\/\/www.kinderartikelboerse-pratteln.ch\/?page_id=72#primaryimage"},"image":{"@id":"https:\/\/www.kinderartikelboerse-pratteln.ch\/?page_id=72#primaryimage"},"thumbnailUrl":"https:\/\/www.kinderartikelboerse-pratteln.ch\/wp-content\/uploads\/2021\/01\/IMG_20201016_152339-scaled.jpg","datePublished":"2021-01-17T15:05:10+00:00","dateModified":"2026-04-17T09:02:55+00:00","breadcrumb":{"@id":"https:\/\/www.kinderartikelboerse-pratteln.ch\/?page_id=72#breadcrumb"},"inLanguage":"de-CH","potentialAction":[{"@type":"ReadAction","target":["https:\/\/www.kinderartikelboerse-pratteln.ch\/?page_id=72"]}]},{"@type":"ImageObject","inLanguage":"de-CH","@id":"https:\/\/www.kinderartikelboerse-pratteln.ch\/?page_id=72#primaryimage","url":"https:\/\/www.kinderartikelboerse-pratteln.ch\/wp-content\/uploads\/2021\/01\/IMG_20201016_152339-scaled.jpg","contentUrl":"https:\/\/www.kinderartikelboerse-pratteln.ch\/wp-content\/uploads\/2021\/01\/IMG_20201016_152339-scaled.jpg","width":2560,"height":1920},{"@type":"BreadcrumbList","@id":"https:\/\/www.kinderartikelboerse-pratteln.ch\/?page_id=72#breadcrumb","itemListElement":[{"@type":"ListItem","position":1,"name":"Startseite","item":"https:\/\/www.kinderartikelboerse-pratteln.ch\/"},{"@type":"ListItem","position":2,"name":"Spenden"}]},{"@type":"WebSite","@id":"https:\/\/www.kinderartikelboerse-pratteln.ch\/#website","url":"https:\/\/www.kinderartikelboerse-pratteln.ch\/","name":"Kinderartikelb\u00f6rse Pratteln","description":"","publisher":{"@id":"https:\/\/www.kinderartikelboerse-pratteln.ch\/#organization"},"potentialAction":[{"@type":"SearchAction","target":{"@type":"EntryPoint","urlTemplate":"https:\/\/www.kinderartikelboerse-pratteln.ch\/?s={search_term_string}"},"query-input":{"@type":"PropertyValueSpecification","valueRequired":true,"valueName":"search_term_string"}}],"inLanguage":"de-CH"},{"@type":"Organization","@id":"https:\/\/www.kinderartikelboerse-pratteln.ch\/#organization","name":"Kinderartikelb\u00f6rse Pratteln","url":"https:\/\/www.kinderartikelboerse-pratteln.ch\/","logo":{"@type":"ImageObject","inLanguage":"de-CH","@id":"https:\/\/www.kinderartikelboerse-pratteln.ch\/#\/schema\/logo\/image\/","url":"https:\/\/www.kinderartikelboerse-pratteln.ch\/wp-content\/uploads\/2021\/02\/cropped-Logo_Hintergrund_transparent.jpg","contentUrl":"https:\/\/www.kinderartikelboerse-pratteln.ch\/wp-content\/uploads\/2021\/02\/cropped-Logo_Hintergrund_transparent.jpg","width":400,"height":398,"caption":"Kinderartikelb\u00f6rse Pratteln"},"image":{"@id":"https:\/\/www.kinderartikelboerse-pratteln.ch\/#\/schema\/logo\/image\/"},"sameAs":["https:\/\/fb.me\/e\/1zwpyha9V","https:\/\/www.instagram.com\/kinderartikelboerse_pratteln\/"]}]}},"_links":{"self":[{"href":"https:\/\/www.kinderartikelboerse-pratteln.ch\/index.php?rest_route=\/wp\/v2\/pages\/72","targetHints":{"allow":["GET"]}}],"collection":[{"href":"https:\/\/www.kinderartikelboerse-pratteln.ch\/index.php?rest_route=\/wp\/v2\/pages"}],"about":[{"href":"https:\/\/www.kinderartikelboerse-pratteln.ch\/index.php?rest_route=\/wp\/v2\/types\/page"}],"author":[{"embeddable":true,"href":"https:\/\/www.kinderartikelboerse-pratteln.ch\/index.php?rest_route=\/wp\/v2\/users\/1"}],"replies":[{"embeddable":true,"href":"https:\/\/www.kinderartikelboerse-pratteln.ch\/index.php?rest_route=%2Fwp%2Fv2%2Fcomments&post=72"}],"version-history":[{"count":57,"href":"https:\/\/www.kinderartikelboerse-pratteln.ch\/index.php?rest_route=\/wp\/v2\/pages\/72\/revisions"}],"predecessor-version":[{"id":3237,"href":"https:\/\/www.kinderartikelboerse-pratteln.ch\/index.php?rest_route=\/wp\/v2\/pages\/72\/revisions\/3237"}],"wp:featuredmedia":[{"embeddable":true,"href":"https:\/\/www.kinderartikelboerse-pratteln.ch\/index.php?rest_route=\/wp\/v2\/media\/86"}],"wp:attachment":[{"href":"https:\/\/www.kinderartikelboerse-pratteln.ch\/index.php?rest_route=%2Fwp%2Fv2%2Fmedia&parent=72"}],"curies":[{"name":"wp","href":"https:\/\/api.w.org\/{rel}","templated":true}]}}