{"id":215,"date":"2021-01-17T22:16:13","date_gmt":"2021-01-17T21:16:13","guid":{"rendered":"https:\/\/192.168.1.122\/wordpress\/?page_id=215"},"modified":"2026-04-17T10:55:29","modified_gmt":"2026-04-17T08:55:29","slug":"wie-schreibe-ich-an","status":"publish","type":"page","link":"https:\/\/www.kinderartikelboerse-pratteln.ch\/?page_id=215","title":{"rendered":"Anmelden, Erfassen und Etikettieren"},"content":{"rendered":"\n<p style=\"font-size:23px\"><mark style=\"background-color:rgba(0, 0, 0, 0);color:#dc2f26\" class=\"has-inline-color\"><\/mark>Mit der <mark style=\"background-color:rgba(0, 0, 0, 0);color:#63a300\" class=\"has-inline-color\">basarlino-App<\/mark> ab an die B\u00f6rse. Registrieren \u00fcber die App.<\/p>\n\n\n\n<div class=\"wp-block-columns is-layout-flex wp-container-core-columns-is-layout-9d6595d7 wp-block-columns-is-layout-flex\">\n<div class=\"wp-block-column is-layout-flow wp-block-column-is-layout-flow\">\n<figure class=\"wp-block-image size-large is-resized is-style-rounded\"><a href=\"https:\/\/itunes.apple.com\/de\/app\/basarlino\/id1178322537\" target=\"_blank\" rel=\"noopener\"><img decoding=\"async\" src=\"https:\/\/basarlino.de\/images\/download_ios.png\" alt=\"\" style=\"width:162px;height:54px\"\/><\/a><\/figure>\n<\/div>\n\n\n\n<div class=\"wp-block-column is-layout-flow wp-block-column-is-layout-flow\">\n<figure class=\"wp-block-image size-large is-resized is-style-rounded\"><a href=\"https:\/\/play.google.com\/store\/apps\/details?id=com.basarlino.de\" target=\"_blank\" rel=\"noopener\"><img decoding=\"async\" src=\"https:\/\/basarlino.de\/images\/download_android.png\" alt=\"\" style=\"width:165px;height:55px\"\/><\/a><\/figure>\n<\/div>\n<\/div>\n\n\n\n<hr class=\"wp-block-separator has-alpha-channel-opacity has-electric-grass-gradient-background has-background is-style-wide\"\/>\n\n\n\n<p style=\"font-size:19px\"><\/p>\n\n\n\n<p style=\"font-size:19px\"><strong>Die Vergabe der Kundennummer wird automatisch generiert.<\/strong><\/p>\n\n\n\n<p>Ausser es sind keine Nummern mehr frei, registriere Dich auf basarlino, um automatisch auf unsere Warteliste zu kommen.<\/p>\n\n\n\n<p class=\"has-luminous-vivid-amber-to-luminous-vivid-orange-gradient-background has-background has-normal-font-size\" style=\"text-decoration:underline\"><mark style=\"background-color:rgba(0, 0, 0, 0)\" class=\"has-inline-color has-primary-color\"><strong>Wichtig zu wissen:<\/strong><\/mark><\/p>\n\n\n\n<p class=\"has-luminous-vivid-amber-to-luminous-vivid-orange-gradient-background has-background\">Verk\u00e4ufer\/innen welche 2x hintereinenader nicht teilnahmen oder pausieren, werden automatisch gel\u00f6scht.                                                                                    Pro Haushalt wird eine Nummer vergeben.<\/p>\n\n\n\n<hr class=\"wp-block-separator has-alpha-channel-opacity has-electric-grass-gradient-background has-background is-style-wide\"\/>\n\n\n\n<p style=\"font-size:23px\"><strong><mark style=\"background-color:rgba(0, 0, 0, 0);color:#63a300\" class=\"has-inline-color\">Wie gehe ich vor wenn ich die App heruntergeladen habe?<\/mark><\/strong><\/p>\n\n\n\n<div class=\"wp-block-cover is-light\" style=\"min-height:349px;aspect-ratio:unset;\"><img loading=\"lazy\" decoding=\"async\" width=\"658\" height=\"404\" class=\"wp-block-cover__image-background wp-image-2324\" alt=\"\" src=\"https:\/\/www.kinderartikelboerse-pratteln.ch\/wp-content\/uploads\/2023\/10\/grafik-1.png\" style=\"object-position:36% 48%\" data-object-fit=\"cover\" data-object-position=\"36% 48%\" srcset=\"https:\/\/www.kinderartikelboerse-pratteln.ch\/wp-content\/uploads\/2023\/10\/grafik-1.png 658w, https:\/\/www.kinderartikelboerse-pratteln.ch\/wp-content\/uploads\/2023\/10\/grafik-1-300x184.png 300w\" sizes=\"auto, (max-width: 658px) 100vw, 658px\" \/><span aria-hidden=\"true\" class=\"wp-block-cover__background has-background-dim\"><\/span><div class=\"wp-block-cover__inner-container is-layout-flow wp-block-cover-is-layout-flow\">\n<p><mark style=\"background-color:rgba(0, 0, 0, 0)\" class=\"has-inline-color has-background-color\">Mindest Betrag: <\/mark><mark style=\"background-color:rgba(0, 0, 0, 0);color:#e61226\" class=\"has-inline-color\">CHF 2.00<\/mark><mark style=\"background-color:rgba(0, 0, 0, 0)\" class=\"has-inline-color has-background-color\"> pro Artikel ( nur ganze CHF keine Rappen wie z. Bsp. 3.50Fr).<\/mark><\/p>\n\n\n\n<p class=\"has-text-color\" style=\"color:#5cf106;text-decoration:underline\"><strong>Artikel erfassen:<\/strong><\/p>\n<\/div><\/div>\n\n\n\n<div class=\"wp-block-cover is-light\" style=\"min-height:349px;aspect-ratio:unset;\"><img loading=\"lazy\" decoding=\"async\" width=\"1024\" height=\"1024\" class=\"wp-block-cover__image-background wp-image-2327\" alt=\"\" src=\"https:\/\/www.kinderartikelboerse-pratteln.ch\/wp-content\/uploads\/2023\/10\/5572-1024x1024.jpg\" data-object-fit=\"cover\" srcset=\"https:\/\/www.kinderartikelboerse-pratteln.ch\/wp-content\/uploads\/2023\/10\/5572-1024x1024.jpg 1024w, https:\/\/www.kinderartikelboerse-pratteln.ch\/wp-content\/uploads\/2023\/10\/5572-300x300.jpg 300w, https:\/\/www.kinderartikelboerse-pratteln.ch\/wp-content\/uploads\/2023\/10\/5572-150x150.jpg 150w, https:\/\/www.kinderartikelboerse-pratteln.ch\/wp-content\/uploads\/2023\/10\/5572-768x768.jpg 768w, https:\/\/www.kinderartikelboerse-pratteln.ch\/wp-content\/uploads\/2023\/10\/5572-1536x1536.jpg 1536w, https:\/\/www.kinderartikelboerse-pratteln.ch\/wp-content\/uploads\/2023\/10\/5572-2048x2048.jpg 2048w, https:\/\/www.kinderartikelboerse-pratteln.ch\/wp-content\/uploads\/2023\/10\/5572-1200x1200.jpg 1200w, https:\/\/www.kinderartikelboerse-pratteln.ch\/wp-content\/uploads\/2023\/10\/5572-1980x1980.jpg 1980w\" sizes=\"auto, (max-width: 1024px) 100vw, 1024px\" \/><span aria-hidden=\"true\" class=\"wp-block-cover__background has-background-dim\"><\/span><div class=\"wp-block-cover__inner-container is-layout-flow wp-block-cover-is-layout-flow\">\n<p class=\"has-text-color\" style=\"color:#5cf106;text-decoration:underline\"> <strong>Etiketten drucken:<\/strong><\/p>\n\n\n\n<ul class=\"wp-block-list\">\n<li><mark style=\"background-color:rgba(0, 0, 0, 0)\" class=\"has-inline-color has-background-color\"><\/mark><mark style=\"background-color:rgba(0, 0, 0, 0)\" class=\"has-inline-color has-background-color\">dickes weisses Drucker-Papier min. 160 Gramm.<\/mark><\/li>\n\n\n\n<li><mark style=\"background-color:rgba(0, 0, 0, 0)\" class=\"has-inline-color has-background-color\">keine Klebetiketten<\/mark><\/li>\n\n\n\n<li><mark style=\"background-color:rgba(0, 0, 0, 0)\" class=\"has-inline-color has-background-color\">keine laminierte Folie<\/mark><\/li>\n\n\n\n<li><mark style=\"background-color:rgba(0, 0, 0, 0)\" class=\"has-inline-color has-background-color\">kein farbiges<\/mark><mark style=\"background-color:rgba(0, 0, 0, 0)\" class=\"has-inline-color has-background-color\"><\/mark> <mark style=\"background-color:rgba(0, 0, 0, 0)\" class=\"has-inline-color has-background-color\">d\u00fcnnes Papier<\/mark><\/li>\n<\/ul>\n<\/div><\/div>\n\n\n\n<div class=\"wp-block-cover is-light\" style=\"min-height:377px;aspect-ratio:unset;\"><img loading=\"lazy\" decoding=\"async\" width=\"1024\" height=\"664\" class=\"wp-block-cover__image-background wp-image-2334\" alt=\"\" src=\"https:\/\/www.kinderartikelboerse-pratteln.ch\/wp-content\/uploads\/2023\/10\/69813705_742520552851422_2053975977968533504_n-2-1024x664.png\" data-object-fit=\"cover\" srcset=\"https:\/\/www.kinderartikelboerse-pratteln.ch\/wp-content\/uploads\/2023\/10\/69813705_742520552851422_2053975977968533504_n-2-1024x664.png 1024w, https:\/\/www.kinderartikelboerse-pratteln.ch\/wp-content\/uploads\/2023\/10\/69813705_742520552851422_2053975977968533504_n-2-300x194.png 300w, https:\/\/www.kinderartikelboerse-pratteln.ch\/wp-content\/uploads\/2023\/10\/69813705_742520552851422_2053975977968533504_n-2-768x498.png 768w, https:\/\/www.kinderartikelboerse-pratteln.ch\/wp-content\/uploads\/2023\/10\/69813705_742520552851422_2053975977968533504_n-2-1536x996.png 1536w, https:\/\/www.kinderartikelboerse-pratteln.ch\/wp-content\/uploads\/2023\/10\/69813705_742520552851422_2053975977968533504_n-2-1200x778.png 1200w, https:\/\/www.kinderartikelboerse-pratteln.ch\/wp-content\/uploads\/2023\/10\/69813705_742520552851422_2053975977968533504_n-2.png 1600w\" sizes=\"auto, (max-width: 1024px) 100vw, 1024px\" \/><span aria-hidden=\"true\" class=\"wp-block-cover__background has-background-dim\"><\/span><div class=\"wp-block-cover__inner-container is-layout-flow wp-block-cover-is-layout-flow\">\n<p class=\"has-text-color\" style=\"color:#5cf106;text-decoration:underline\"><strong>Etiketten befestigen:<\/strong><\/p>\n\n\n\n<ul class=\"wp-block-list\">\n<li><mark style=\"background-color:rgba(0, 0, 0, 0)\" class=\"has-inline-color has-background-color\">keine Klebestreifen<\/mark><\/li>\n\n\n\n<li><mark style=\"background-color:rgba(0, 0, 0, 0)\" class=\"has-inline-color has-background-color\">nicht mit B\u00fcroklammern<\/mark><\/li>\n\n\n\n<li><mark style=\"background-color:rgba(0, 0, 0, 0)\" class=\"has-inline-color has-background-color\">keine Klebeetiketten<\/mark><\/li>\n\n\n\n<li><mark style=\"background-color:rgba(0, 0, 0, 0)\" class=\"has-inline-color has-background-color\">reissfester Faden oder Schnur<\/mark><\/li>\n\n\n\n<li><mark style=\"background-color:rgba(0, 0, 0, 0)\" class=\"has-inline-color has-background-color\">nicht tackern (Verletzungsgefahr)<\/mark>  <\/li>\n<\/ul>\n\n\n\n<div class=\"wp-block-buttons is-layout-flex wp-block-buttons-is-layout-flex\">\n<div class=\"wp-block-button is-style-outline is-style-outline--1\"><a class=\"wp-block-button__link has-background-color has-text-color has-background wp-element-button\" href=\"http:\/\/www.kinderartikelboerse-pratteln.ch\/?page_id=251\" style=\"border-radius:100px;background:linear-gradient(135deg,rgb(202,248,128) 9%,rgb(113,206,126) 15%)\">Etiketten richtig befestigen <\/a><\/div>\n<\/div>\n<\/div><\/div>\n\n\n\n<div class=\"wp-block-cover is-light\" style=\"min-height:349px;aspect-ratio:unset;\"><img loading=\"lazy\" decoding=\"async\" width=\"768\" height=\"1024\" class=\"wp-block-cover__image-background wp-image-82\" alt=\"\" src=\"https:\/\/www.kinderartikelboerse-pratteln.ch\/wp-content\/uploads\/2021\/01\/IMG_20200201_150825-768x1024.jpg\" style=\"object-position:27% 31%\" data-object-fit=\"cover\" data-object-position=\"27% 31%\" srcset=\"https:\/\/www.kinderartikelboerse-pratteln.ch\/wp-content\/uploads\/2021\/01\/IMG_20200201_150825-768x1024.jpg 768w, https:\/\/www.kinderartikelboerse-pratteln.ch\/wp-content\/uploads\/2021\/01\/IMG_20200201_150825-225x300.jpg 225w, https:\/\/www.kinderartikelboerse-pratteln.ch\/wp-content\/uploads\/2021\/01\/IMG_20200201_150825-1152x1536.jpg 1152w, https:\/\/www.kinderartikelboerse-pratteln.ch\/wp-content\/uploads\/2021\/01\/IMG_20200201_150825-1536x2048.jpg 1536w, https:\/\/www.kinderartikelboerse-pratteln.ch\/wp-content\/uploads\/2021\/01\/IMG_20200201_150825-1200x1600.jpg 1200w, https:\/\/www.kinderartikelboerse-pratteln.ch\/wp-content\/uploads\/2021\/01\/IMG_20200201_150825-1980x2640.jpg 1980w, https:\/\/www.kinderartikelboerse-pratteln.ch\/wp-content\/uploads\/2021\/01\/IMG_20200201_150825-scaled.jpg 1920w\" sizes=\"auto, (max-width: 768px) 100vw, 768px\" \/><span aria-hidden=\"true\" class=\"wp-block-cover__background has-background-dim\"><\/span><div class=\"wp-block-cover__inner-container is-layout-flow wp-block-cover-is-layout-flow\">\n<p class=\"has-text-color has-normal-font-size\" style=\"color:#5cf106;text-decoration:underline\"><strong>Etikettierpistole:<\/strong><\/p>\n\n\n\n<ul class=\"wp-block-list\">\n<li><mark style=\"background-color:rgba(0, 0, 0, 0)\" class=\"has-inline-color has-background-color\">kann<\/mark> <mark style=\"background-color:rgba(0, 0, 0, 0)\" class=\"has-inline-color has-background-color\">ausgeliehen werden, als Helfer\/in kostenlos<\/mark><\/li>\n\n\n\n<li><mark style=\"background-color:rgba(0, 0, 0, 0)\" class=\"has-inline-color has-background-color\">f\u00fcr  nicht Helfer\/innen werden CHF 2.00 f\u00fcr die Ausleihen erhoben.<\/mark> <\/li>\n<\/ul>\n\n\n\n<div class=\"wp-block-buttons is-content-justification-left is-layout-flex wp-container-core-buttons-is-layout-45245d17 wp-block-buttons-is-layout-flex\">\n<div class=\"wp-block-button aligncenter is-style-outline is-style-outline--2\"><a class=\"wp-block-button__link has-background-color has-text-color has-background wp-element-button\" href=\"mailto:info@kinderartikelboerse-pratteln.ch\" style=\"border-radius:100px;background:linear-gradient(135deg,rgb(202,248,128) 0%,rgb(113,206,126) 21%)\">F\u00fcr die Ausleihe per Mail melden<\/a><\/div>\n<\/div>\n<\/div><\/div>\n\n\n\n<div class=\"wp-block-cover\"><img loading=\"lazy\" decoding=\"async\" width=\"225\" height=\"225\" class=\"wp-block-cover__image-background wp-image-101\" alt=\"\" src=\"https:\/\/www.kinderartikelboerse-pratteln.ch\/wp-content\/uploads\/2021\/01\/images-1.jpg\" data-object-fit=\"cover\" srcset=\"https:\/\/www.kinderartikelboerse-pratteln.ch\/wp-content\/uploads\/2021\/01\/images-1.jpg 225w, https:\/\/www.kinderartikelboerse-pratteln.ch\/wp-content\/uploads\/2021\/01\/images-1-150x150.jpg 150w\" sizes=\"auto, (max-width: 225px) 100vw, 225px\" \/><span aria-hidden=\"true\" class=\"wp-block-cover__background has-background-dim\"><\/span><div class=\"wp-block-cover__inner-container is-layout-flow wp-block-cover-is-layout-flow\">\n<p class=\"has-text-color\" style=\"color:#5cf106;text-decoration:underline\"><strong>Artikel Annahme:<\/strong><\/p>\n\n\n\n<p>Im Ikea Sack oder einer Kiste, gross mit der Kundennummer angeschrieben. Kann im App ausgedruckt werden.<\/p>\n\n\n\n<ul class=\"wp-block-list\">\n<li>Pro Bereich ein Ikea-Sack                                                     &#8211; Baby Kleider bis 98 und Babyspielsachen                                                                      &#8211; Schuhe\/B\u00fccher\/ Spielsachen                                               &#8211; Kleider 104-164  <\/li>\n\n\n\n<li>Fahraben seperat abgeben                                        <\/li>\n<\/ul>\n\n\n\n<div class=\"wp-block-buttons is-layout-flex wp-block-buttons-is-layout-flex\">\n<div class=\"wp-block-button is-style-outline is-style-outline--3\"><a class=\"wp-block-button__link has-background-color has-text-color has-background wp-element-button\" href=\"https:\/\/www.kinderartikelboerse-pratteln.ch\/?page_id=302\" style=\"border-radius:100px;background:linear-gradient(135deg,rgb(202,248,128) 0%,rgb(113,206,126) 20%)\">Welche Sachen nehmen wir an?<\/a><\/div>\n<\/div>\n<\/div><\/div>\n\n\n\n<div class=\"wp-block-cover is-light wp-duotone-6d6d6d-ffffff-4\" style=\"min-height:349px;aspect-ratio:unset;\"><img loading=\"lazy\" decoding=\"async\" width=\"1024\" height=\"997\" class=\"wp-block-cover__image-background wp-image-2340\" alt=\"\" src=\"https:\/\/www.kinderartikelboerse-pratteln.ch\/wp-content\/uploads\/2023\/10\/IMG_4136-1-1024x997.jpg\" data-object-fit=\"cover\" srcset=\"https:\/\/www.kinderartikelboerse-pratteln.ch\/wp-content\/uploads\/2023\/10\/IMG_4136-1-1024x997.jpg 1024w, https:\/\/www.kinderartikelboerse-pratteln.ch\/wp-content\/uploads\/2023\/10\/IMG_4136-1-300x292.jpg 300w, https:\/\/www.kinderartikelboerse-pratteln.ch\/wp-content\/uploads\/2023\/10\/IMG_4136-1-768x748.jpg 768w, https:\/\/www.kinderartikelboerse-pratteln.ch\/wp-content\/uploads\/2023\/10\/IMG_4136-1-1536x1495.jpg 1536w, https:\/\/www.kinderartikelboerse-pratteln.ch\/wp-content\/uploads\/2023\/10\/IMG_4136-1-2048x1994.jpg 2048w, https:\/\/www.kinderartikelboerse-pratteln.ch\/wp-content\/uploads\/2023\/10\/IMG_4136-1-1200x1168.jpg 1200w, https:\/\/www.kinderartikelboerse-pratteln.ch\/wp-content\/uploads\/2023\/10\/IMG_4136-1-1980x1928.jpg 1980w\" sizes=\"auto, (max-width: 1024px) 100vw, 1024px\" \/><span aria-hidden=\"true\" class=\"wp-block-cover__background has-background-dim\"><\/span><div class=\"wp-block-cover__inner-container is-layout-flow wp-block-cover-is-layout-flow\">\n<p class=\"has-text-color\" style=\"color:#5cf106;text-decoration:underline\"><strong>Artikelr\u00fcckgabe:<\/strong><\/p>\n\n\n\n<ul class=\"wp-block-list\">\n<li><mark style=\"background-color:rgba(0, 0, 0, 0)\" class=\"has-inline-color has-background-color\">die Inventarliste auf dem Smartphon vorweisen<\/mark><\/li>\n\n\n\n<li><mark style=\"background-color:rgba(0, 0, 0, 0)\" class=\"has-inline-color has-background-color\">die Teilnahmegeb\u00fchr von CHF 2.00 wird direkt an der Gesammtsumme abgezogen<\/mark><\/li>\n<\/ul>\n<\/div><\/div>\n\n\n\n<hr class=\"wp-block-separator has-alpha-channel-opacity has-electric-grass-gradient-background has-background is-style-wide\"\/>\n\n\n\n<ul class=\"wp-block-list\">\n<li><mark style=\"background-color:rgba(0, 0, 0, 0);color:#e51e0b\" class=\"has-inline-color\">Am B\u00f6rsentag kann nichts mehr ge\u00e4ndert oder ausgedruckt werden.<\/mark><\/li>\n\n\n\n<li>Abmelden als Verk\u00e4ufer\/in ist jederzeit m\u00f6glich (somit f\u00e4llt auch die CHF 2.00 Verkaufsgeb\u00fchr weg) <\/li>\n\n\n\n<li>Die Nummer kann auch auf pausieren gestellt werden, so fallen keine Geb\u00fchren an. <\/li>\n<\/ul>\n\n\n\n<hr class=\"wp-block-separator has-alpha-channel-opacity has-electric-grass-gradient-background has-background is-style-wide\"\/>\n\n\n\n<p class=\"has-pale-ocean-gradient-background has-background\"><strong> Geb\u00fchren<\/strong><\/p>\n\n\n\n<ul class=\"wp-block-list\">\n<li>19% f\u00fcr Spenden<\/li>\n\n\n\n<li><mark style=\"background-color:rgba(0, 0, 0, 0);color:#e51e0b\" class=\"has-inline-color\">1% Geb\u00fchr f\u00fcr die Benutzung der Basarlin<\/mark> <mark style=\"background-color:rgba(0, 0, 0, 0);color:#e51e0b\" class=\"has-inline-color\">App<\/mark><\/li>\n\n\n\n<li><mark style=\"background-color:rgba(0, 0, 0, 0);color:#e51e0b\" class=\"has-inline-color\">CHF 2.00 Teilnahmegeb\u00fchr (Basarlino<\/mark> <mark style=\"background-color:rgba(0, 0, 0, 0);color:#e51e0b\" class=\"has-inline-color\">und Twintgeb\u00fchren)<\/mark><\/li>\n<\/ul>\n\n\n\n<hr class=\"wp-block-separator has-alpha-channel-opacity has-electric-grass-gradient-background has-background is-style-wide\"\/>\n\n\n\n<p style=\"font-size:19px\"><mark style=\"background-color:rgba(0, 0, 0, 0);color:#63a300\" class=\"has-inline-color\"><strong>Wir \u00fcbernehmen f\u00fcr fehlende, besch\u00e4digte und gestohlene Gegenst\u00e4nde keine Haftung! Kein Umtausch von gekaufter Ware m\u00f6glich<\/strong><\/mark>.      <\/p>\n\n\n\n<hr class=\"wp-block-separator has-text-color has-css-opacity has-background is-style-wide\" style=\"background-color:#63a300;color:#63a300\"\/>\n\n\n\n<p class=\"has-text-align-center has-subtle-background-background-color has-background has-small-font-size\"><mark style=\"background-color:rgba(0, 0, 0, 0)\" class=\"has-inline-color has-secondary-color\"><strong><mark style=\"background-color:rgba(0, 0, 0, 0)\" class=\"has-inline-color has-secondary-color\"><strong><mark style=\"background-color:rgba(0, 0, 0, 0)\" class=\"has-inline-color has-secondary-color\"><mark style=\"background-color:rgba(0, 0, 0, 0)\" class=\"has-inline-color has-secondary-color\">Herbst <mark style=\"background-color:rgba(0, 0, 0, 0)\" class=\"has-inline-color has-secondary-color\">2026<\/mark>: Freitag 11. &amp; Samstag 12. Sept.<\/mark><\/mark><\/strong><\/mark><\/strong><\/mark><\/p>\n\n\n\n<p class=\"has-text-align-left has-subtle-background-background-color has-background has-small-font-size\"><mark style=\"background-color:rgba(0, 0, 0, 0)\" class=\"has-inline-color has-secondary-color\"><mark style=\"background-color:rgba(0, 0, 0, 0)\" class=\"has-inline-color has-secondary-color\"><em><em>Fr\u00fchling <em><em><mark style=\"background-color:rgba(0, 0, 0, 0)\" class=\"has-inline-color has-secondary-color\"><em><em><mark style=\"background-color:rgba(0, 0, 0, 0)\" class=\"has-inline-color has-secondary-color\">202<\/mark><\/em><\/em>7:<\/mark><\/em><\/em><\/em><\/em> <em><em><em><em>Dienstag 6. &amp; Mittwoch 7. April<\/em><\/em><\/em><\/em><\/mark><\/mark><\/p>\n\n\n\n<p class=\"has-text-align-left has-subtle-background-background-color has-background has-small-font-size\"><mark style=\"background-color:rgba(0, 0, 0, 0)\" class=\"has-inline-color has-secondary-color\"><mark style=\"background-color:rgba(0, 0, 0, 0)\" class=\"has-inline-color has-secondary-color\"><mark style=\"background-color:rgba(0, 0, 0, 0)\" class=\"has-inline-color has-secondary-color\"><em><em>Herbst <em><em><mark style=\"background-color:rgba(0, 0, 0, 0)\" class=\"has-inline-color has-secondary-color\"><em><em><mark style=\"background-color:rgba(0, 0, 0, 0)\" class=\"has-inline-color has-secondary-color\">202<\/mark><\/em><\/em>7:<\/mark><\/em><\/em><\/em><\/em> <em><em><em><em>Freitag 17. &amp; Samstag 18. September<\/em><\/em><\/em><\/em><\/mark><\/mark><\/mark><\/p>\n\n\n\n<p class=\"has-subtle-background-background-color has-background has-small-font-size\"><\/p>\n","protected":false},"excerpt":{"rendered":"<p>Mit der basarlino-App ab an die B\u00f6rse. Registrieren \u00fcber die App. Die Vergabe der Kundennummer wird automatisch generiert. Ausser es sind keine Nummern mehr frei, registriere Dich auf basarlino, um automatisch auf unsere Warteliste zu kommen. Wichtig zu wissen: Verk\u00e4ufer\/innen welche 2x hintereinenader nicht teilnahmen oder pausieren, werden automatisch gel\u00f6scht. Pro Haushalt wird eine Nummer [&hellip;]<\/p>\n","protected":false},"author":1,"featured_media":231,"parent":0,"menu_order":0,"comment_status":"closed","ping_status":"closed","template":"templates\/template-cover.php","meta":{"footnotes":""},"class_list":["post-215","page","type-page","status-publish","has-post-thumbnail","hentry"],"yoast_head":"<!-- This site is optimized with the Yoast SEO plugin v27.4 - https:\/\/yoast.com\/product\/yoast-seo-wordpress\/ -->\n<title>Anmelden, Erfassen und Etikettieren - Kinderartikelb\u00f6rse Pratteln<\/title>\n<meta name=\"robots\" content=\"index, follow, max-snippet:-1, max-image-preview:large, max-video-preview:-1\" \/>\n<link rel=\"canonical\" href=\"https:\/\/www.kinderartikelboerse-pratteln.ch\/?page_id=215\" \/>\n<meta property=\"og:locale\" content=\"de_DE\" \/>\n<meta property=\"og:type\" content=\"article\" \/>\n<meta property=\"og:title\" content=\"Anmelden, Erfassen und Etikettieren - Kinderartikelb\u00f6rse Pratteln\" \/>\n<meta property=\"og:description\" content=\"Mit der basarlino-App ab an die B\u00f6rse. Registrieren \u00fcber die App. Die Vergabe der Kundennummer wird automatisch generiert. Ausser es sind keine Nummern mehr frei, registriere Dich auf basarlino, um automatisch auf unsere Warteliste zu kommen. Wichtig zu wissen: Verk\u00e4ufer\/innen welche 2x hintereinenader nicht teilnahmen oder pausieren, werden automatisch gel\u00f6scht. Pro Haushalt wird eine Nummer [&hellip;]\" \/>\n<meta property=\"og:url\" content=\"https:\/\/www.kinderartikelboerse-pratteln.ch\/?page_id=215\" \/>\n<meta property=\"og:site_name\" content=\"Kinderartikelb\u00f6rse Pratteln\" \/>\n<meta property=\"article:publisher\" content=\"https:\/\/fb.me\/e\/1zwpyha9V\" \/>\n<meta property=\"article:modified_time\" content=\"2026-04-17T08:55:29+00:00\" \/>\n<meta property=\"og:image\" content=\"https:\/\/www.kinderartikelboerse-pratteln.ch\/wp-content\/uploads\/2021\/01\/IMG_20190907_110824.jpg\" \/>\n\t<meta property=\"og:image:width\" content=\"1920\" \/>\n\t<meta property=\"og:image:height\" content=\"1081\" \/>\n\t<meta property=\"og:image:type\" content=\"image\/jpeg\" \/>\n<meta name=\"twitter:card\" content=\"summary_large_image\" \/>\n<meta name=\"twitter:label1\" content=\"Gesch\u00e4tzte Lesezeit\" \/>\n\t<meta name=\"twitter:data1\" content=\"4 Minuten\" \/>\n<script type=\"application\/ld+json\" class=\"yoast-schema-graph\">{\"@context\":\"https:\\\/\\\/schema.org\",\"@graph\":[{\"@type\":\"WebPage\",\"@id\":\"https:\\\/\\\/www.kinderartikelboerse-pratteln.ch\\\/?page_id=215\",\"url\":\"https:\\\/\\\/www.kinderartikelboerse-pratteln.ch\\\/?page_id=215\",\"name\":\"Anmelden, Erfassen und Etikettieren - Kinderartikelb\u00f6rse Pratteln\",\"isPartOf\":{\"@id\":\"https:\\\/\\\/www.kinderartikelboerse-pratteln.ch\\\/#website\"},\"primaryImageOfPage\":{\"@id\":\"https:\\\/\\\/www.kinderartikelboerse-pratteln.ch\\\/?page_id=215#primaryimage\"},\"image\":{\"@id\":\"https:\\\/\\\/www.kinderartikelboerse-pratteln.ch\\\/?page_id=215#primaryimage\"},\"thumbnailUrl\":\"https:\\\/\\\/www.kinderartikelboerse-pratteln.ch\\\/wp-content\\\/uploads\\\/2021\\\/01\\\/IMG_20190907_110824.jpg\",\"datePublished\":\"2021-01-17T21:16:13+00:00\",\"dateModified\":\"2026-04-17T08:55:29+00:00\",\"breadcrumb\":{\"@id\":\"https:\\\/\\\/www.kinderartikelboerse-pratteln.ch\\\/?page_id=215#breadcrumb\"},\"inLanguage\":\"de-CH\",\"potentialAction\":[{\"@type\":\"ReadAction\",\"target\":[\"https:\\\/\\\/www.kinderartikelboerse-pratteln.ch\\\/?page_id=215\"]}]},{\"@type\":\"ImageObject\",\"inLanguage\":\"de-CH\",\"@id\":\"https:\\\/\\\/www.kinderartikelboerse-pratteln.ch\\\/?page_id=215#primaryimage\",\"url\":\"https:\\\/\\\/www.kinderartikelboerse-pratteln.ch\\\/wp-content\\\/uploads\\\/2021\\\/01\\\/IMG_20190907_110824.jpg\",\"contentUrl\":\"https:\\\/\\\/www.kinderartikelboerse-pratteln.ch\\\/wp-content\\\/uploads\\\/2021\\\/01\\\/IMG_20190907_110824.jpg\",\"width\":1920,\"height\":1081},{\"@type\":\"BreadcrumbList\",\"@id\":\"https:\\\/\\\/www.kinderartikelboerse-pratteln.ch\\\/?page_id=215#breadcrumb\",\"itemListElement\":[{\"@type\":\"ListItem\",\"position\":1,\"name\":\"Startseite\",\"item\":\"https:\\\/\\\/www.kinderartikelboerse-pratteln.ch\\\/\"},{\"@type\":\"ListItem\",\"position\":2,\"name\":\"Anmelden, Erfassen und Etikettieren\"}]},{\"@type\":\"WebSite\",\"@id\":\"https:\\\/\\\/www.kinderartikelboerse-pratteln.ch\\\/#website\",\"url\":\"https:\\\/\\\/www.kinderartikelboerse-pratteln.ch\\\/\",\"name\":\"Kinderartikelb\u00f6rse Pratteln\",\"description\":\"\",\"publisher\":{\"@id\":\"https:\\\/\\\/www.kinderartikelboerse-pratteln.ch\\\/#organization\"},\"potentialAction\":[{\"@type\":\"SearchAction\",\"target\":{\"@type\":\"EntryPoint\",\"urlTemplate\":\"https:\\\/\\\/www.kinderartikelboerse-pratteln.ch\\\/?s={search_term_string}\"},\"query-input\":{\"@type\":\"PropertyValueSpecification\",\"valueRequired\":true,\"valueName\":\"search_term_string\"}}],\"inLanguage\":\"de-CH\"},{\"@type\":\"Organization\",\"@id\":\"https:\\\/\\\/www.kinderartikelboerse-pratteln.ch\\\/#organization\",\"name\":\"Kinderartikelb\u00f6rse Pratteln\",\"url\":\"https:\\\/\\\/www.kinderartikelboerse-pratteln.ch\\\/\",\"logo\":{\"@type\":\"ImageObject\",\"inLanguage\":\"de-CH\",\"@id\":\"https:\\\/\\\/www.kinderartikelboerse-pratteln.ch\\\/#\\\/schema\\\/logo\\\/image\\\/\",\"url\":\"https:\\\/\\\/www.kinderartikelboerse-pratteln.ch\\\/wp-content\\\/uploads\\\/2021\\\/02\\\/cropped-Logo_Hintergrund_transparent.jpg\",\"contentUrl\":\"https:\\\/\\\/www.kinderartikelboerse-pratteln.ch\\\/wp-content\\\/uploads\\\/2021\\\/02\\\/cropped-Logo_Hintergrund_transparent.jpg\",\"width\":400,\"height\":398,\"caption\":\"Kinderartikelb\u00f6rse Pratteln\"},\"image\":{\"@id\":\"https:\\\/\\\/www.kinderartikelboerse-pratteln.ch\\\/#\\\/schema\\\/logo\\\/image\\\/\"},\"sameAs\":[\"https:\\\/\\\/fb.me\\\/e\\\/1zwpyha9V\",\"https:\\\/\\\/www.instagram.com\\\/kinderartikelboerse_pratteln\\\/\"]}]}<\/script>\n<!-- \/ Yoast SEO plugin. -->","yoast_head_json":{"title":"Anmelden, Erfassen und Etikettieren - Kinderartikelb\u00f6rse Pratteln","robots":{"index":"index","follow":"follow","max-snippet":"max-snippet:-1","max-image-preview":"max-image-preview:large","max-video-preview":"max-video-preview:-1"},"canonical":"https:\/\/www.kinderartikelboerse-pratteln.ch\/?page_id=215","og_locale":"de_DE","og_type":"article","og_title":"Anmelden, Erfassen und Etikettieren - Kinderartikelb\u00f6rse Pratteln","og_description":"Mit der basarlino-App ab an die B\u00f6rse. Registrieren \u00fcber die App. Die Vergabe der Kundennummer wird automatisch generiert. Ausser es sind keine Nummern mehr frei, registriere Dich auf basarlino, um automatisch auf unsere Warteliste zu kommen. Wichtig zu wissen: Verk\u00e4ufer\/innen welche 2x hintereinenader nicht teilnahmen oder pausieren, werden automatisch gel\u00f6scht. Pro Haushalt wird eine Nummer [&hellip;]","og_url":"https:\/\/www.kinderartikelboerse-pratteln.ch\/?page_id=215","og_site_name":"Kinderartikelb\u00f6rse Pratteln","article_publisher":"https:\/\/fb.me\/e\/1zwpyha9V","article_modified_time":"2026-04-17T08:55:29+00:00","og_image":[{"width":1920,"height":1081,"url":"https:\/\/www.kinderartikelboerse-pratteln.ch\/wp-content\/uploads\/2021\/01\/IMG_20190907_110824.jpg","type":"image\/jpeg"}],"twitter_card":"summary_large_image","twitter_misc":{"Gesch\u00e4tzte Lesezeit":"4 Minuten"},"schema":{"@context":"https:\/\/schema.org","@graph":[{"@type":"WebPage","@id":"https:\/\/www.kinderartikelboerse-pratteln.ch\/?page_id=215","url":"https:\/\/www.kinderartikelboerse-pratteln.ch\/?page_id=215","name":"Anmelden, Erfassen und Etikettieren - Kinderartikelb\u00f6rse Pratteln","isPartOf":{"@id":"https:\/\/www.kinderartikelboerse-pratteln.ch\/#website"},"primaryImageOfPage":{"@id":"https:\/\/www.kinderartikelboerse-pratteln.ch\/?page_id=215#primaryimage"},"image":{"@id":"https:\/\/www.kinderartikelboerse-pratteln.ch\/?page_id=215#primaryimage"},"thumbnailUrl":"https:\/\/www.kinderartikelboerse-pratteln.ch\/wp-content\/uploads\/2021\/01\/IMG_20190907_110824.jpg","datePublished":"2021-01-17T21:16:13+00:00","dateModified":"2026-04-17T08:55:29+00:00","breadcrumb":{"@id":"https:\/\/www.kinderartikelboerse-pratteln.ch\/?page_id=215#breadcrumb"},"inLanguage":"de-CH","potentialAction":[{"@type":"ReadAction","target":["https:\/\/www.kinderartikelboerse-pratteln.ch\/?page_id=215"]}]},{"@type":"ImageObject","inLanguage":"de-CH","@id":"https:\/\/www.kinderartikelboerse-pratteln.ch\/?page_id=215#primaryimage","url":"https:\/\/www.kinderartikelboerse-pratteln.ch\/wp-content\/uploads\/2021\/01\/IMG_20190907_110824.jpg","contentUrl":"https:\/\/www.kinderartikelboerse-pratteln.ch\/wp-content\/uploads\/2021\/01\/IMG_20190907_110824.jpg","width":1920,"height":1081},{"@type":"BreadcrumbList","@id":"https:\/\/www.kinderartikelboerse-pratteln.ch\/?page_id=215#breadcrumb","itemListElement":[{"@type":"ListItem","position":1,"name":"Startseite","item":"https:\/\/www.kinderartikelboerse-pratteln.ch\/"},{"@type":"ListItem","position":2,"name":"Anmelden, Erfassen und Etikettieren"}]},{"@type":"WebSite","@id":"https:\/\/www.kinderartikelboerse-pratteln.ch\/#website","url":"https:\/\/www.kinderartikelboerse-pratteln.ch\/","name":"Kinderartikelb\u00f6rse Pratteln","description":"","publisher":{"@id":"https:\/\/www.kinderartikelboerse-pratteln.ch\/#organization"},"potentialAction":[{"@type":"SearchAction","target":{"@type":"EntryPoint","urlTemplate":"https:\/\/www.kinderartikelboerse-pratteln.ch\/?s={search_term_string}"},"query-input":{"@type":"PropertyValueSpecification","valueRequired":true,"valueName":"search_term_string"}}],"inLanguage":"de-CH"},{"@type":"Organization","@id":"https:\/\/www.kinderartikelboerse-pratteln.ch\/#organization","name":"Kinderartikelb\u00f6rse Pratteln","url":"https:\/\/www.kinderartikelboerse-pratteln.ch\/","logo":{"@type":"ImageObject","inLanguage":"de-CH","@id":"https:\/\/www.kinderartikelboerse-pratteln.ch\/#\/schema\/logo\/image\/","url":"https:\/\/www.kinderartikelboerse-pratteln.ch\/wp-content\/uploads\/2021\/02\/cropped-Logo_Hintergrund_transparent.jpg","contentUrl":"https:\/\/www.kinderartikelboerse-pratteln.ch\/wp-content\/uploads\/2021\/02\/cropped-Logo_Hintergrund_transparent.jpg","width":400,"height":398,"caption":"Kinderartikelb\u00f6rse Pratteln"},"image":{"@id":"https:\/\/www.kinderartikelboerse-pratteln.ch\/#\/schema\/logo\/image\/"},"sameAs":["https:\/\/fb.me\/e\/1zwpyha9V","https:\/\/www.instagram.com\/kinderartikelboerse_pratteln\/"]}]}},"_links":{"self":[{"href":"https:\/\/www.kinderartikelboerse-pratteln.ch\/index.php?rest_route=\/wp\/v2\/pages\/215","targetHints":{"allow":["GET"]}}],"collection":[{"href":"https:\/\/www.kinderartikelboerse-pratteln.ch\/index.php?rest_route=\/wp\/v2\/pages"}],"about":[{"href":"https:\/\/www.kinderartikelboerse-pratteln.ch\/index.php?rest_route=\/wp\/v2\/types\/page"}],"author":[{"embeddable":true,"href":"https:\/\/www.kinderartikelboerse-pratteln.ch\/index.php?rest_route=\/wp\/v2\/users\/1"}],"replies":[{"embeddable":true,"href":"https:\/\/www.kinderartikelboerse-pratteln.ch\/index.php?rest_route=%2Fwp%2Fv2%2Fcomments&post=215"}],"version-history":[{"count":246,"href":"https:\/\/www.kinderartikelboerse-pratteln.ch\/index.php?rest_route=\/wp\/v2\/pages\/215\/revisions"}],"predecessor-version":[{"id":3228,"href":"https:\/\/www.kinderartikelboerse-pratteln.ch\/index.php?rest_route=\/wp\/v2\/pages\/215\/revisions\/3228"}],"wp:featuredmedia":[{"embeddable":true,"href":"https:\/\/www.kinderartikelboerse-pratteln.ch\/index.php?rest_route=\/wp\/v2\/media\/231"}],"wp:attachment":[{"href":"https:\/\/www.kinderartikelboerse-pratteln.ch\/index.php?rest_route=%2Fwp%2Fv2%2Fmedia&parent=215"}],"curies":[{"name":"wp","href":"https:\/\/api.w.org\/{rel}","templated":true}]}}