{"id":123,"date":"2021-01-17T16:44:14","date_gmt":"2021-01-17T15:44:14","guid":{"rendered":"https:\/\/kinderartikelboerse-pratteln.ch\/?page_id=123"},"modified":"2026-04-17T11:04:25","modified_gmt":"2026-04-17T09:04:25","slug":"team","status":"publish","type":"page","link":"https:\/\/www.kinderartikelboerse-pratteln.ch\/?page_id=123","title":{"rendered":"Team"},"content":{"rendered":"\n<p>Unsere Kinderartikelb\u00f6rse welche zwei mal im Jahr, Fr\u00fchling und Herbst durchgef\u00fchrt wird, besteht nicht nur aus dem OK, sondern aus ganz vielen ehrenamtlichen mitwirkenden Helfern\/innen. Ohne diesen ehrenamtliche Unterst\u00fctzung von zahlreichen Mamis und anderen fest zum Invetar geh\u00f6renden Helferinen, w\u00fcrde es nicht gehen. Wir sind stolz darauf jedes mal ca. 60-70 helfende H\u00e4ndepaare dabei zu haben. Grosse Unterst\u00fctzung bekommen wir zus\u00e4tzlich jedes mal von den 3 Hausabwarte des Kuspo, welche immer mit gutem Rat und viel Muskelpower f\u00fcr uns da sind.<\/p>\n\n\n\n<p>An dieser Stelle ein grosses DANKE<\/p>\n\n\n\n<p>Mit der B\u00f6rse m\u00f6chten wir allen eine Plattform bieten um gebrauchte Kinderkleider, Spielsachen, Schuhe, B\u00fccher und noch vieles Mehr zu verkaufen oder selber erwerben. Somit leisten wir einen Beitrag an die Umwelt damit nicht immer Neues gekauft wird, sondern gebrauchtes wiederverwendet wird.<\/p>\n\n\n\n<hr class=\"wp-block-separator has-alpha-channel-opacity has-electric-grass-gradient-background has-background is-style-wide\"\/>\n\n\n\n<p><strong>Das Team:<\/strong><\/p>\n\n\n\n<div class=\"wp-block-columns is-layout-flex wp-container-core-columns-is-layout-9d6595d7 wp-block-columns-is-layout-flex\">\n<div class=\"wp-block-column has-pale-ocean-gradient-background has-background is-layout-flow wp-block-column-is-layout-flow\">\n<p class=\"has-text-align-center\" style=\"font-size:24px\"><strong><span style=\"color:#63a300\" class=\"has-inline-color\">Marianne<\/span><\/strong><\/p>\n<\/div>\n\n\n\n<div class=\"wp-block-column has-pale-ocean-gradient-background has-background is-layout-flow wp-block-column-is-layout-flow\">\n<p class=\"has-text-align-center\" style=\"font-size:24px\"><strong><span style=\"color:#63a300\" class=\"has-inline-color\">Stephanie<\/span><\/strong><\/p>\n<\/div>\n\n\n\n<div class=\"wp-block-column has-pale-ocean-gradient-background has-background is-layout-flow wp-block-column-is-layout-flow\">\n<p class=\"has-text-align-center\" style=\"font-size:24px\"><mark style=\"background-color:rgba(0, 0, 0, 0);color:#63a300\" class=\"has-inline-color\"><strong>Rebekka<\/strong><\/mark><\/p>\n<\/div>\n<\/div>\n\n\n\n<figure class=\"wp-block-image size-large is-style-rounded\"><img loading=\"lazy\" decoding=\"async\" width=\"1024\" height=\"768\" src=\"https:\/\/www.kinderartikelboerse-pratteln.ch\/wp-content\/uploads\/2022\/09\/IMG_7351-1-1024x768.jpg\" alt=\"\" class=\"wp-image-1947\" srcset=\"https:\/\/www.kinderartikelboerse-pratteln.ch\/wp-content\/uploads\/2022\/09\/IMG_7351-1-1024x768.jpg 1024w, https:\/\/www.kinderartikelboerse-pratteln.ch\/wp-content\/uploads\/2022\/09\/IMG_7351-1-300x225.jpg 300w, https:\/\/www.kinderartikelboerse-pratteln.ch\/wp-content\/uploads\/2022\/09\/IMG_7351-1-768x576.jpg 768w, https:\/\/www.kinderartikelboerse-pratteln.ch\/wp-content\/uploads\/2022\/09\/IMG_7351-1-1536x1152.jpg 1536w, https:\/\/www.kinderartikelboerse-pratteln.ch\/wp-content\/uploads\/2022\/09\/IMG_7351-1-2048x1536.jpg 2048w, https:\/\/www.kinderartikelboerse-pratteln.ch\/wp-content\/uploads\/2022\/09\/IMG_7351-1-1200x900.jpg 1200w, https:\/\/www.kinderartikelboerse-pratteln.ch\/wp-content\/uploads\/2022\/09\/IMG_7351-1-1980x1485.jpg 1980w\" sizes=\"auto, (max-width: 1024px) 100vw, 1024px\" \/><\/figure>\n\n\n\n<hr class=\"wp-block-separator has-alpha-channel-opacity has-electric-grass-gradient-background has-background is-style-wide\"\/>\n\n\n\n<p class=\"has-text-align-left\" style=\"font-size:19px\"><strong>Stephanie:  Kaffee und Hort<\/strong><\/p>\n\n\n\n<p class=\"has-text-align-left\" style=\"font-size:19px\"><strong>Marianne:  Saal, Medien und Finanzen<\/strong><\/p>\n\n\n\n<p class=\"has-text-align-left\" style=\"font-size:19px\"><strong>Rebekka:    Saal und Medien<\/strong> <\/p>\n\n\n\n<hr class=\"wp-block-separator has-alpha-channel-opacity has-electric-grass-gradient-background has-background is-style-wide\"\/>\n\n\n\n<p style=\"font-size:25px\"><mark style=\"background-color:rgba(0, 0, 0, 0);color:#63a300\" class=\"has-inline-color\">Wir freuen uns auf ein baldiges Wiedersehen an der n\u00e4chsten B\u00f6rse!<\/mark><\/p>\n\n\n\n<hr class=\"wp-block-separator has-text-color has-css-opacity has-background is-style-wide\" style=\"background-color:#63a300;color:#63a300\"\/>\n\n\n\n<p class=\"has-text-align-center has-subtle-background-background-color has-background has-small-font-size\"><strong><mark style=\"background-color:rgba(0, 0, 0, 0)\" class=\"has-inline-color has-primary-color\"><strong><mark style=\"background-color:rgba(0, 0, 0, 0)\" class=\"has-inline-color has-primary-color\"><strong><mark style=\"background-color:rgba(0, 0, 0, 0)\" class=\"has-inline-color has-primary-color\"><strong><mark style=\"background-color:rgba(0, 0, 0, 0)\" class=\"has-inline-color has-primary-color\"><em><em><em><em><em><strong><strong><mark style=\"background-color:rgba(0, 0, 0, 0)\" class=\"has-inline-color has-primary-color\"><mark style=\"background-color:rgba(0, 0, 0, 0)\" class=\"has-inline-color has-primary-color\"><mark style=\"background-color:rgba(0, 0, 0, 0)\" class=\"has-inline-color has-primary-color\"><strong><strong><mark style=\"background-color:rgba(0, 0, 0, 0)\" class=\"has-inline-color has-primary-color\"><mark style=\"background-color:rgba(0, 0, 0, 0)\" class=\"has-inline-color has-primary-color\"><mark style=\"background-color:rgba(0, 0, 0, 0)\" class=\"has-inline-color has-primary-color\"><strong><mark style=\"background-color:rgba(0, 0, 0, 0)\" class=\"has-inline-color has-secondary-color\"><strong><strong><mark style=\"background-color:rgba(0, 0, 0, 0)\" class=\"has-inline-color has-secondary-color\"><strong><mark style=\"background-color:rgba(0, 0, 0, 0)\" class=\"has-inline-color has-secondary-color\"><strong><mark style=\"background-color:rgba(0, 0, 0, 0)\" class=\"has-inline-color has-secondary-color\"><mark style=\"background-color:rgba(0, 0, 0, 0)\" class=\"has-inline-color has-secondary-color\">Herbst <mark style=\"background-color:rgba(0, 0, 0, 0)\" class=\"has-inline-color has-secondary-color\">2026<\/mark>: Freitag 11. &amp; Samstag 12. Sept.<\/mark><\/mark><\/strong><\/mark><\/strong><\/mark><\/strong><\/strong><\/mark><\/strong><\/mark><\/mark><\/mark><\/strong><\/strong><\/mark><\/mark><\/mark><\/strong><\/strong><\/em><\/em><\/em><\/em><\/em><\/mark><\/strong><\/mark><\/strong><\/mark><\/strong><\/mark><\/strong><\/p>\n\n\n\n<p class=\"has-text-align-left has-subtle-background-background-color has-background has-small-font-size\"><em><em><mark style=\"background-color:rgba(0, 0, 0, 0)\" class=\"has-inline-color has-secondary-color\"><em><em><mark style=\"background-color:rgba(0, 0, 0, 0)\" class=\"has-inline-color has-secondary-color\"><mark style=\"background-color:rgba(0, 0, 0, 0)\" class=\"has-inline-color has-secondary-color\"><mark style=\"background-color:rgba(0, 0, 0, 0)\" class=\"has-inline-color has-secondary-color\"><em><em>Fr\u00fchling <em><em><mark style=\"background-color:rgba(0, 0, 0, 0)\" class=\"has-inline-color has-secondary-color\"><em><em><mark style=\"background-color:rgba(0, 0, 0, 0)\" class=\"has-inline-color has-secondary-color\">202<\/mark><\/em><\/em>7:<\/mark><\/em><\/em><\/em><\/em> <em><em><em><em>Dienstag 6. &amp; Mittwoch 7. April<\/em><\/em><\/em><\/em><\/mark><\/mark><\/mark><\/em><\/em><\/mark><\/em><\/em><\/p>\n\n\n\n<p class=\"has-text-align-left has-subtle-background-background-color has-background has-small-font-size\"><mark style=\"background-color:rgba(0, 0, 0, 0)\" class=\"has-inline-color has-secondary-color\"><mark style=\"background-color:rgba(0, 0, 0, 0)\" class=\"has-inline-color has-secondary-color\"><mark style=\"background-color:rgba(0, 0, 0, 0)\" class=\"has-inline-color has-secondary-color\"><em><em>Herbst <em><em><mark style=\"background-color:rgba(0, 0, 0, 0)\" class=\"has-inline-color has-secondary-color\"><em><em><mark style=\"background-color:rgba(0, 0, 0, 0)\" class=\"has-inline-color has-secondary-color\">202<\/mark><\/em><\/em>7:<\/mark><\/em><\/em><\/em><\/em> <em><em><em><em>Freitag 17. &amp; Samstag 18. September<\/em><\/em><\/em><\/em><\/mark><\/mark><\/mark><\/p>\n\n\n\n<p class=\"has-subtle-background-background-color has-background has-small-font-size\"><\/p>\n","protected":false},"excerpt":{"rendered":"<p>Unsere Kinderartikelb\u00f6rse welche zwei mal im Jahr, Fr\u00fchling und Herbst durchgef\u00fchrt wird, besteht nicht nur aus dem OK, sondern aus ganz vielen ehrenamtlichen mitwirkenden Helfern\/innen. Ohne diesen ehrenamtliche Unterst\u00fctzung von zahlreichen Mamis und anderen fest zum Invetar geh\u00f6renden Helferinen, w\u00fcrde es nicht gehen. Wir sind stolz darauf jedes mal ca. 60-70 helfende H\u00e4ndepaare dabei zu [&hellip;]<\/p>\n","protected":false},"author":1,"featured_media":88,"parent":0,"menu_order":0,"comment_status":"closed","ping_status":"closed","template":"templates\/template-cover.php","meta":{"footnotes":""},"class_list":["post-123","page","type-page","status-publish","has-post-thumbnail","hentry"],"yoast_head":"<!-- This site is optimized with the Yoast SEO plugin v27.4 - https:\/\/yoast.com\/product\/yoast-seo-wordpress\/ -->\n<title>Team - Kinderartikelb\u00f6rse Pratteln<\/title>\n<meta name=\"robots\" content=\"index, follow, max-snippet:-1, max-image-preview:large, max-video-preview:-1\" \/>\n<link rel=\"canonical\" href=\"https:\/\/www.kinderartikelboerse-pratteln.ch\/?page_id=123\" \/>\n<meta property=\"og:locale\" content=\"de_DE\" \/>\n<meta property=\"og:type\" content=\"article\" \/>\n<meta property=\"og:title\" content=\"Team - Kinderartikelb\u00f6rse Pratteln\" \/>\n<meta property=\"og:description\" content=\"Unsere Kinderartikelb\u00f6rse welche zwei mal im Jahr, Fr\u00fchling und Herbst durchgef\u00fchrt wird, besteht nicht nur aus dem OK, sondern aus ganz vielen ehrenamtlichen mitwirkenden Helfern\/innen. Ohne diesen ehrenamtliche Unterst\u00fctzung von zahlreichen Mamis und anderen fest zum Invetar geh\u00f6renden Helferinen, w\u00fcrde es nicht gehen. Wir sind stolz darauf jedes mal ca. 60-70 helfende H\u00e4ndepaare dabei zu [&hellip;]\" \/>\n<meta property=\"og:url\" content=\"https:\/\/www.kinderartikelboerse-pratteln.ch\/?page_id=123\" \/>\n<meta property=\"og:site_name\" content=\"Kinderartikelb\u00f6rse Pratteln\" \/>\n<meta property=\"article:publisher\" content=\"https:\/\/fb.me\/e\/1zwpyha9V\" \/>\n<meta property=\"article:modified_time\" content=\"2026-04-17T09:04:25+00:00\" \/>\n<meta property=\"og:image\" content=\"https:\/\/www.kinderartikelboerse-pratteln.ch\/wp-content\/uploads\/2021\/01\/IMG_20201016_103621-scaled.jpg\" \/>\n\t<meta property=\"og:image:width\" content=\"2560\" \/>\n\t<meta property=\"og:image:height\" content=\"1920\" \/>\n\t<meta property=\"og:image:type\" content=\"image\/jpeg\" \/>\n<meta name=\"twitter:card\" content=\"summary_large_image\" \/>\n<meta name=\"twitter:label1\" content=\"Gesch\u00e4tzte Lesezeit\" \/>\n\t<meta name=\"twitter:data1\" content=\"1 Minute\" \/>\n<script type=\"application\/ld+json\" class=\"yoast-schema-graph\">{\"@context\":\"https:\\\/\\\/schema.org\",\"@graph\":[{\"@type\":\"WebPage\",\"@id\":\"https:\\\/\\\/www.kinderartikelboerse-pratteln.ch\\\/?page_id=123\",\"url\":\"https:\\\/\\\/www.kinderartikelboerse-pratteln.ch\\\/?page_id=123\",\"name\":\"Team - Kinderartikelb\u00f6rse Pratteln\",\"isPartOf\":{\"@id\":\"https:\\\/\\\/www.kinderartikelboerse-pratteln.ch\\\/#website\"},\"primaryImageOfPage\":{\"@id\":\"https:\\\/\\\/www.kinderartikelboerse-pratteln.ch\\\/?page_id=123#primaryimage\"},\"image\":{\"@id\":\"https:\\\/\\\/www.kinderartikelboerse-pratteln.ch\\\/?page_id=123#primaryimage\"},\"thumbnailUrl\":\"https:\\\/\\\/www.kinderartikelboerse-pratteln.ch\\\/wp-content\\\/uploads\\\/2021\\\/01\\\/IMG_20201016_103621-scaled.jpg\",\"datePublished\":\"2021-01-17T15:44:14+00:00\",\"dateModified\":\"2026-04-17T09:04:25+00:00\",\"breadcrumb\":{\"@id\":\"https:\\\/\\\/www.kinderartikelboerse-pratteln.ch\\\/?page_id=123#breadcrumb\"},\"inLanguage\":\"de-CH\",\"potentialAction\":[{\"@type\":\"ReadAction\",\"target\":[\"https:\\\/\\\/www.kinderartikelboerse-pratteln.ch\\\/?page_id=123\"]}]},{\"@type\":\"ImageObject\",\"inLanguage\":\"de-CH\",\"@id\":\"https:\\\/\\\/www.kinderartikelboerse-pratteln.ch\\\/?page_id=123#primaryimage\",\"url\":\"https:\\\/\\\/www.kinderartikelboerse-pratteln.ch\\\/wp-content\\\/uploads\\\/2021\\\/01\\\/IMG_20201016_103621-scaled.jpg\",\"contentUrl\":\"https:\\\/\\\/www.kinderartikelboerse-pratteln.ch\\\/wp-content\\\/uploads\\\/2021\\\/01\\\/IMG_20201016_103621-scaled.jpg\",\"width\":2560,\"height\":1920},{\"@type\":\"BreadcrumbList\",\"@id\":\"https:\\\/\\\/www.kinderartikelboerse-pratteln.ch\\\/?page_id=123#breadcrumb\",\"itemListElement\":[{\"@type\":\"ListItem\",\"position\":1,\"name\":\"Startseite\",\"item\":\"https:\\\/\\\/www.kinderartikelboerse-pratteln.ch\\\/\"},{\"@type\":\"ListItem\",\"position\":2,\"name\":\"Team\"}]},{\"@type\":\"WebSite\",\"@id\":\"https:\\\/\\\/www.kinderartikelboerse-pratteln.ch\\\/#website\",\"url\":\"https:\\\/\\\/www.kinderartikelboerse-pratteln.ch\\\/\",\"name\":\"Kinderartikelb\u00f6rse Pratteln\",\"description\":\"\",\"publisher\":{\"@id\":\"https:\\\/\\\/www.kinderartikelboerse-pratteln.ch\\\/#organization\"},\"potentialAction\":[{\"@type\":\"SearchAction\",\"target\":{\"@type\":\"EntryPoint\",\"urlTemplate\":\"https:\\\/\\\/www.kinderartikelboerse-pratteln.ch\\\/?s={search_term_string}\"},\"query-input\":{\"@type\":\"PropertyValueSpecification\",\"valueRequired\":true,\"valueName\":\"search_term_string\"}}],\"inLanguage\":\"de-CH\"},{\"@type\":\"Organization\",\"@id\":\"https:\\\/\\\/www.kinderartikelboerse-pratteln.ch\\\/#organization\",\"name\":\"Kinderartikelb\u00f6rse Pratteln\",\"url\":\"https:\\\/\\\/www.kinderartikelboerse-pratteln.ch\\\/\",\"logo\":{\"@type\":\"ImageObject\",\"inLanguage\":\"de-CH\",\"@id\":\"https:\\\/\\\/www.kinderartikelboerse-pratteln.ch\\\/#\\\/schema\\\/logo\\\/image\\\/\",\"url\":\"https:\\\/\\\/www.kinderartikelboerse-pratteln.ch\\\/wp-content\\\/uploads\\\/2021\\\/02\\\/cropped-Logo_Hintergrund_transparent.jpg\",\"contentUrl\":\"https:\\\/\\\/www.kinderartikelboerse-pratteln.ch\\\/wp-content\\\/uploads\\\/2021\\\/02\\\/cropped-Logo_Hintergrund_transparent.jpg\",\"width\":400,\"height\":398,\"caption\":\"Kinderartikelb\u00f6rse Pratteln\"},\"image\":{\"@id\":\"https:\\\/\\\/www.kinderartikelboerse-pratteln.ch\\\/#\\\/schema\\\/logo\\\/image\\\/\"},\"sameAs\":[\"https:\\\/\\\/fb.me\\\/e\\\/1zwpyha9V\",\"https:\\\/\\\/www.instagram.com\\\/kinderartikelboerse_pratteln\\\/\"]}]}<\/script>\n<!-- \/ Yoast SEO plugin. -->","yoast_head_json":{"title":"Team - Kinderartikelb\u00f6rse Pratteln","robots":{"index":"index","follow":"follow","max-snippet":"max-snippet:-1","max-image-preview":"max-image-preview:large","max-video-preview":"max-video-preview:-1"},"canonical":"https:\/\/www.kinderartikelboerse-pratteln.ch\/?page_id=123","og_locale":"de_DE","og_type":"article","og_title":"Team - Kinderartikelb\u00f6rse Pratteln","og_description":"Unsere Kinderartikelb\u00f6rse welche zwei mal im Jahr, Fr\u00fchling und Herbst durchgef\u00fchrt wird, besteht nicht nur aus dem OK, sondern aus ganz vielen ehrenamtlichen mitwirkenden Helfern\/innen. Ohne diesen ehrenamtliche Unterst\u00fctzung von zahlreichen Mamis und anderen fest zum Invetar geh\u00f6renden Helferinen, w\u00fcrde es nicht gehen. Wir sind stolz darauf jedes mal ca. 60-70 helfende H\u00e4ndepaare dabei zu [&hellip;]","og_url":"https:\/\/www.kinderartikelboerse-pratteln.ch\/?page_id=123","og_site_name":"Kinderartikelb\u00f6rse Pratteln","article_publisher":"https:\/\/fb.me\/e\/1zwpyha9V","article_modified_time":"2026-04-17T09:04:25+00:00","og_image":[{"width":2560,"height":1920,"url":"https:\/\/www.kinderartikelboerse-pratteln.ch\/wp-content\/uploads\/2021\/01\/IMG_20201016_103621-scaled.jpg","type":"image\/jpeg"}],"twitter_card":"summary_large_image","twitter_misc":{"Gesch\u00e4tzte Lesezeit":"1 Minute"},"schema":{"@context":"https:\/\/schema.org","@graph":[{"@type":"WebPage","@id":"https:\/\/www.kinderartikelboerse-pratteln.ch\/?page_id=123","url":"https:\/\/www.kinderartikelboerse-pratteln.ch\/?page_id=123","name":"Team - Kinderartikelb\u00f6rse Pratteln","isPartOf":{"@id":"https:\/\/www.kinderartikelboerse-pratteln.ch\/#website"},"primaryImageOfPage":{"@id":"https:\/\/www.kinderartikelboerse-pratteln.ch\/?page_id=123#primaryimage"},"image":{"@id":"https:\/\/www.kinderartikelboerse-pratteln.ch\/?page_id=123#primaryimage"},"thumbnailUrl":"https:\/\/www.kinderartikelboerse-pratteln.ch\/wp-content\/uploads\/2021\/01\/IMG_20201016_103621-scaled.jpg","datePublished":"2021-01-17T15:44:14+00:00","dateModified":"2026-04-17T09:04:25+00:00","breadcrumb":{"@id":"https:\/\/www.kinderartikelboerse-pratteln.ch\/?page_id=123#breadcrumb"},"inLanguage":"de-CH","potentialAction":[{"@type":"ReadAction","target":["https:\/\/www.kinderartikelboerse-pratteln.ch\/?page_id=123"]}]},{"@type":"ImageObject","inLanguage":"de-CH","@id":"https:\/\/www.kinderartikelboerse-pratteln.ch\/?page_id=123#primaryimage","url":"https:\/\/www.kinderartikelboerse-pratteln.ch\/wp-content\/uploads\/2021\/01\/IMG_20201016_103621-scaled.jpg","contentUrl":"https:\/\/www.kinderartikelboerse-pratteln.ch\/wp-content\/uploads\/2021\/01\/IMG_20201016_103621-scaled.jpg","width":2560,"height":1920},{"@type":"BreadcrumbList","@id":"https:\/\/www.kinderartikelboerse-pratteln.ch\/?page_id=123#breadcrumb","itemListElement":[{"@type":"ListItem","position":1,"name":"Startseite","item":"https:\/\/www.kinderartikelboerse-pratteln.ch\/"},{"@type":"ListItem","position":2,"name":"Team"}]},{"@type":"WebSite","@id":"https:\/\/www.kinderartikelboerse-pratteln.ch\/#website","url":"https:\/\/www.kinderartikelboerse-pratteln.ch\/","name":"Kinderartikelb\u00f6rse Pratteln","description":"","publisher":{"@id":"https:\/\/www.kinderartikelboerse-pratteln.ch\/#organization"},"potentialAction":[{"@type":"SearchAction","target":{"@type":"EntryPoint","urlTemplate":"https:\/\/www.kinderartikelboerse-pratteln.ch\/?s={search_term_string}"},"query-input":{"@type":"PropertyValueSpecification","valueRequired":true,"valueName":"search_term_string"}}],"inLanguage":"de-CH"},{"@type":"Organization","@id":"https:\/\/www.kinderartikelboerse-pratteln.ch\/#organization","name":"Kinderartikelb\u00f6rse Pratteln","url":"https:\/\/www.kinderartikelboerse-pratteln.ch\/","logo":{"@type":"ImageObject","inLanguage":"de-CH","@id":"https:\/\/www.kinderartikelboerse-pratteln.ch\/#\/schema\/logo\/image\/","url":"https:\/\/www.kinderartikelboerse-pratteln.ch\/wp-content\/uploads\/2021\/02\/cropped-Logo_Hintergrund_transparent.jpg","contentUrl":"https:\/\/www.kinderartikelboerse-pratteln.ch\/wp-content\/uploads\/2021\/02\/cropped-Logo_Hintergrund_transparent.jpg","width":400,"height":398,"caption":"Kinderartikelb\u00f6rse Pratteln"},"image":{"@id":"https:\/\/www.kinderartikelboerse-pratteln.ch\/#\/schema\/logo\/image\/"},"sameAs":["https:\/\/fb.me\/e\/1zwpyha9V","https:\/\/www.instagram.com\/kinderartikelboerse_pratteln\/"]}]}},"_links":{"self":[{"href":"https:\/\/www.kinderartikelboerse-pratteln.ch\/index.php?rest_route=\/wp\/v2\/pages\/123","targetHints":{"allow":["GET"]}}],"collection":[{"href":"https:\/\/www.kinderartikelboerse-pratteln.ch\/index.php?rest_route=\/wp\/v2\/pages"}],"about":[{"href":"https:\/\/www.kinderartikelboerse-pratteln.ch\/index.php?rest_route=\/wp\/v2\/types\/page"}],"author":[{"embeddable":true,"href":"https:\/\/www.kinderartikelboerse-pratteln.ch\/index.php?rest_route=\/wp\/v2\/users\/1"}],"replies":[{"embeddable":true,"href":"https:\/\/www.kinderartikelboerse-pratteln.ch\/index.php?rest_route=%2Fwp%2Fv2%2Fcomments&post=123"}],"version-history":[{"count":75,"href":"https:\/\/www.kinderartikelboerse-pratteln.ch\/index.php?rest_route=\/wp\/v2\/pages\/123\/revisions"}],"predecessor-version":[{"id":3239,"href":"https:\/\/www.kinderartikelboerse-pratteln.ch\/index.php?rest_route=\/wp\/v2\/pages\/123\/revisions\/3239"}],"wp:featuredmedia":[{"embeddable":true,"href":"https:\/\/www.kinderartikelboerse-pratteln.ch\/index.php?rest_route=\/wp\/v2\/media\/88"}],"wp:attachment":[{"href":"https:\/\/www.kinderartikelboerse-pratteln.ch\/index.php?rest_route=%2Fwp%2Fv2%2Fmedia&parent=123"}],"curies":[{"name":"wp","href":"https:\/\/api.w.org\/{rel}","templated":true}]}}